{"id":14182,"date":"2017-10-17T12:20:21","date_gmt":"2017-10-17T10:20:21","guid":{"rendered":"https:\/\/www.maquinariamarquez.com\/maq-nueva\/mandriladora-fresadora-transversal-com-ram-whr-13-cnc\/"},"modified":"2017-10-17T12:20:21","modified_gmt":"2017-10-17T10:20:21","slug":"mandriladora-fresadora-transversal-com-ram-whr-13-cnc","status":"publish","type":"page","link":"https:\/\/www.maquinariamarquez.com\/pt-pt\/mandriladora-tos-varnsdorf\/mandriladoras\/mandriladora-fresadora-transversal-com-ram-whr-13-cnc\/","title":{"rendered":"Mandriladora-Fresadora transversal com RAM WHR 13 CNC"},"content":{"rendered":"<table width=\"567\">\n<tbody>\n<tr>\n<td colspan=\"2\" width=\"293\"><strong>MODELO<\/strong><\/td>\n<td width=\"274\"><strong>WHR 13<\/strong><\/td>\n<\/tr>\n<tr>\n<td colspan=\"2\" width=\"293\"><strong>CABE\u00c7A<\/strong><\/td>\n<td width=\"274\"><\/td>\n<\/tr>\n<tr>\n<td width=\"246\">Di\u00e1metro da barra de mandrilar<\/td>\n<td width=\"47\">mm<\/td>\n<td width=\"274\">130<\/td>\n<\/tr>\n<tr>\n<td width=\"246\">Faixa de rota\u00e7\u00f5es<\/td>\n<td width=\"47\">1\/min<\/td>\n<td width=\"274\">10-3000<\/td>\n<\/tr>\n<tr>\n<td width=\"246\">Pot\u00eancia do motor principal S1\/S6<\/td>\n<td width=\"47\">Kw<\/td>\n<td width=\"274\">37\/46<\/td>\n<\/tr>\n<tr>\n<td width=\"246\">Torque do fuso S1\/S6<\/td>\n<td width=\"47\">Nm<\/td>\n<td width=\"274\">2537\/3111<\/td>\n<\/tr>\n<tr>\n<td colspan=\"2\" width=\"293\"><strong>CURSOS<\/strong><\/td>\n<td width=\"274\"><\/td>\n<\/tr>\n<tr>\n<td width=\"246\">X \u2013 Transversal, mesa<\/td>\n<td width=\"47\">mm<\/td>\n<td width=\"274\">3500,4000,5000,6000<\/td>\n<\/tr>\n<tr>\n<td width=\"246\">Y \u2013 Vertical, cabe\u00e7a<\/td>\n<td width=\"47\">mm<\/td>\n<td width=\"274\">2000,2500,3000<\/td>\n<\/tr>\n<tr>\n<td width=\"246\">Z \u2013 Longitudinal, coluna<\/td>\n<td width=\"47\">mm<\/td>\n<td width=\"274\">1250,1600,2200,3200<\/td>\n<\/tr>\n<tr>\n<td width=\"246\">W \u2013 Axial, barra de mandrilar<\/td>\n<td width=\"47\">mm<\/td>\n<td width=\"274\">650<\/td>\n<\/tr>\n<tr>\n<td colspan=\"2\" width=\"293\"><strong>MESA<\/strong><\/td>\n<td width=\"274\"><\/td>\n<\/tr>\n<tr>\n<td width=\"246\">Dimens\u00f5es da mesa<\/td>\n<td width=\"47\">mm<\/td>\n<td width=\"274\">1800&#215;1800, 1800&#215;2200, 1800&#215;2500, 2000&#215;3000, 2500&#215;3000<\/td>\n<\/tr>\n<tr>\n<td width=\"246\">Capacidade de carga<\/td>\n<td width=\"47\">Kg<\/td>\n<td width=\"274\">12000,16000,18000,25000<\/td>\n<\/tr>\n<\/tbody>\n<\/table>\n","protected":false},"excerpt":{"rendered":"<p>Este novo modelo da TOS Varnsdorf consiste numa varia\u00e7\u00e3o do modelo WHN 13 com RAM incorporada. O curso vertical da mandriladora atinge at\u00e9 3.000 mil\u00edmetros, 6.000 mil\u00edmetros no seu eixo transversal e 3.000 mil\u00edmetros no recuo da coluna, com uma capacidade \u00fatil de 25 T. Entre os v\u00e1rios equipamentos opcionais dispon\u00edveis est\u00e3o as cabe\u00e7as universais, manuais e autom\u00e1ticas, porta-ferramentas com at\u00e9 120 posi\u00e7\u00f5es, sistemas paletizados de mesa, refrigera\u00e7\u00e3o interna, etc.<\/p>\n<p><a class=\"btn btn-primary understrap-read-more-link\" href=\"https:\/\/www.maquinariamarquez.com\/pt-pt\/mandriladora-tos-varnsdorf\/mandriladoras\/mandriladora-fresadora-transversal-com-ram-whr-13-cnc\/\">Veja detalhes<\/a><\/p>\n","protected":false},"author":1,"featured_media":16034,"parent":14786,"menu_order":134,"comment_status":"closed","ping_status":"open","template":"page-templates\/template-page-maquina.php","meta":{"_acf_changed":false,"footnotes":""},"geolocalizacion":[404,396,394,398],"class_list":["post-14182","page","type-page","status-publish","has-post-thumbnail","hentry","geolocalizacion-chile-pt-pt","geolocalizacion-latino-pt-pt","geolocalizacion-portugal-pt-pt","geolocalizacion-europa-pt-pt"],"acf":[],"aioseo_notices":[],"_links":{"self":[{"href":"https:\/\/www.maquinariamarquez.com\/pt-pt\/wp-json\/wp\/v2\/pages\/14182","targetHints":{"allow":["GET"]}}],"collection":[{"href":"https:\/\/www.maquinariamarquez.com\/pt-pt\/wp-json\/wp\/v2\/pages"}],"about":[{"href":"https:\/\/www.maquinariamarquez.com\/pt-pt\/wp-json\/wp\/v2\/types\/page"}],"author":[{"embeddable":true,"href":"https:\/\/www.maquinariamarquez.com\/pt-pt\/wp-json\/wp\/v2\/users\/1"}],"replies":[{"embeddable":true,"href":"https:\/\/www.maquinariamarquez.com\/pt-pt\/wp-json\/wp\/v2\/comments?post=14182"}],"version-history":[{"count":0,"href":"https:\/\/www.maquinariamarquez.com\/pt-pt\/wp-json\/wp\/v2\/pages\/14182\/revisions"}],"up":[{"embeddable":true,"href":"https:\/\/www.maquinariamarquez.com\/pt-pt\/wp-json\/wp\/v2\/pages\/14786"}],"wp:featuredmedia":[{"embeddable":true,"href":"https:\/\/www.maquinariamarquez.com\/pt-pt\/wp-json\/wp\/v2\/media\/16034"}],"wp:attachment":[{"href":"https:\/\/www.maquinariamarquez.com\/pt-pt\/wp-json\/wp\/v2\/media?parent=14182"}],"wp:term":[{"taxonomy":"geolocalizacion","embeddable":true,"href":"https:\/\/www.maquinariamarquez.com\/pt-pt\/wp-json\/wp\/v2\/geolocalizacion?post=14182"}],"curies":[{"name":"wp","href":"https:\/\/api.w.org\/{rel}","templated":true}]}}