{"id":14800,"date":"2013-07-04T14:11:59","date_gmt":"2013-07-04T12:11:59","guid":{"rendered":"https:\/\/www.maquinariamarquez.com\/serie-altas-rotacoes\/"},"modified":"2013-07-04T14:11:59","modified_gmt":"2013-07-04T12:11:59","slug":"serie-altas-rotacoes","status":"publish","type":"page","link":"https:\/\/www.maquinariamarquez.com\/pt-pt\/tornos-verticais-honor-seiki\/serie-altas-rotacoes\/","title":{"rendered":"S\u00c9RIE ALTAS ROTA\u00c7\u00d5ES"},"content":{"rendered":"<p>Tornos Verticais<\/p>\n<div id='gallery-1' class='gallery galleryid-14800 gallery-columns-3 gallery-size-thumbnail'><figure class='gallery-item'>\n\t\t\t<div class='gallery-icon portrait'>\n\t\t\t\t<a href='https:\/\/www.maquinariamarquez.com\/wp-content\/uploads\/2013\/09\/Torno-Vertical-VL66M.png' title=\"Torno Vertical VL66M\" data-rl_title=\"Torno Vertical VL66M\" class=\"rl-gallery-link\" data-rl_caption=\"\" data-rel=\"lightbox-gallery-1\"><img loading=\"lazy\" decoding=\"async\" width=\"250\" height=\"250\" src=\"https:\/\/www.maquinariamarquez.com\/wp-content\/uploads\/2013\/09\/Torno-Vertical-VL66M-250x250.png\" class=\"attachment-thumbnail size-thumbnail\" alt=\"S\u00c9RIE ALTAS ROTA\u00c7\u00d5ES\" srcset=\"https:\/\/www.maquinariamarquez.com\/wp-content\/uploads\/2013\/09\/Torno-Vertical-VL66M-250x250.png 250w, https:\/\/www.maquinariamarquez.com\/wp-content\/uploads\/2013\/09\/Torno-Vertical-VL66M-175x175.png 175w\" sizes=\"auto, (max-width: 250px) 100vw, 250px\" \/><\/a>\n\t\t\t<\/div><\/figure><figure class='gallery-item'>\n\t\t\t<div class='gallery-icon landscape'>\n\t\t\t\t<a href='https:\/\/www.maquinariamarquez.com\/wp-content\/uploads\/2013\/09\/Torno-Vertical-VL66MT-1024x768.jpg' title=\"Torno Vertical VL66MT\" data-rl_title=\"Torno Vertical VL66MT\" class=\"rl-gallery-link\" data-rl_caption=\"\" data-rel=\"lightbox-gallery-1\"><img loading=\"lazy\" decoding=\"async\" width=\"250\" height=\"250\" src=\"https:\/\/www.maquinariamarquez.com\/wp-content\/uploads\/2013\/09\/Torno-Vertical-VL66MT-250x250.jpg\" class=\"attachment-thumbnail size-thumbnail\" alt=\"S\u00c9RIE ALTAS ROTA\u00c7\u00d5ES\" srcset=\"https:\/\/www.maquinariamarquez.com\/wp-content\/uploads\/2013\/09\/Torno-Vertical-VL66MT-250x250.jpg 250w, https:\/\/www.maquinariamarquez.com\/wp-content\/uploads\/2013\/09\/Torno-Vertical-VL66MT-175x175.jpg 175w\" sizes=\"auto, (max-width: 250px) 100vw, 250px\" \/><\/a>\n\t\t\t<\/div><\/figure><figure class='gallery-item'>\n\t\t\t<div class='gallery-icon landscape'>\n\t\t\t\t<a href='https:\/\/www.maquinariamarquez.com\/wp-content\/uploads\/2013\/09\/Detalle-Torreta-Torno-Vertical.jpg' title=\"Detalle Torreta Torno Vertical\" data-rl_title=\"Detalle Torreta Torno Vertical\" class=\"rl-gallery-link\" data-rl_caption=\"\" data-rel=\"lightbox-gallery-1\"><img loading=\"lazy\" decoding=\"async\" width=\"250\" height=\"250\" src=\"https:\/\/www.maquinariamarquez.com\/wp-content\/uploads\/2013\/09\/Detalle-Torreta-Torno-Vertical-250x250.jpg\" class=\"attachment-thumbnail size-thumbnail\" alt=\"S\u00c9RIE ALTAS ROTA\u00c7\u00d5ES\" srcset=\"https:\/\/www.maquinariamarquez.com\/wp-content\/uploads\/2013\/09\/Detalle-Torreta-Torno-Vertical-250x250.jpg 250w, https:\/\/www.maquinariamarquez.com\/wp-content\/uploads\/2013\/09\/Detalle-Torreta-Torno-Vertical-175x175.jpg 175w\" sizes=\"auto, (max-width: 250px) 100vw, 250px\" \/><\/a>\n\t\t\t<\/div><\/figure><figure class='gallery-item'>\n\t\t\t<div class='gallery-icon landscape'>\n\t\t\t\t<a href='https:\/\/www.maquinariamarquez.com\/wp-content\/uploads\/2013\/09\/Fabrica-Honor-Seiki.jpg' title=\"Fabrica Honor Seiki\" data-rl_title=\"Fabrica Honor Seiki\" class=\"rl-gallery-link\" data-rl_caption=\"\" data-rel=\"lightbox-gallery-1\"><img loading=\"lazy\" decoding=\"async\" width=\"250\" height=\"250\" src=\"https:\/\/www.maquinariamarquez.com\/wp-content\/uploads\/2013\/09\/Fabrica-Honor-Seiki-250x250.jpg\" class=\"attachment-thumbnail size-thumbnail\" alt=\"S\u00c9RIE ALTAS ROTA\u00c7\u00d5ES\" srcset=\"https:\/\/www.maquinariamarquez.com\/wp-content\/uploads\/2013\/09\/Fabrica-Honor-Seiki-250x250.jpg 250w, https:\/\/www.maquinariamarquez.com\/wp-content\/uploads\/2013\/09\/Fabrica-Honor-Seiki-175x175.jpg 175w\" sizes=\"auto, (max-width: 250px) 100vw, 250px\" \/><\/a>\n\t\t\t<\/div><\/figure>\n\t\t<\/div>\n\n<div class=\"table-responsive\"><table  style=\"width:0px; \"  class=\"easy-table easy-table-default \" >\n<thead>\r\n<tr><th ><\/th>\n<th ><\/th>\n<th >VL46<\/th>\n<th >VL66<\/th>\n<th >VL86<\/th>\n<th >VL100<\/th>\n<\/tr>\n<\/thead>\n<tbody>\r\n<tr><td >\u00d8 m\u00e1ximo admitido<\/td>\n<td >mm<\/td>\n<td >560<\/td>\n<td >800<\/td>\n<td >1.000<\/td>\n<td >1.300<\/td>\n<\/tr>\n\r\n<tr><td >\u00d8 m\u00e1ximo torneamento<\/td>\n<td >mm<\/td>\n<td >560\/450<\/td>\n<td >760<\/td>\n<td >860<\/td>\n<td >1.100<\/td>\n<\/tr>\n\r\n<tr><td >Altura de torneamento<\/td>\n<td >mm<\/td>\n<td >440\/400<\/td>\n<td >750\/620<\/td>\n<td >80<\/td>\n<td >1.000<\/td>\n<\/tr>\n\r\n<tr><td >Rota\u00e7\u00f5es<\/td>\n<td >rpm<\/td>\n<td >25-2.500<\/td>\n<td >25-2.000<\/td>\n<td >25-1.500<\/td>\n<td >5-580<\/td>\n<\/tr>\n\r\n<tr><td >Pot\u00eancia\u00a0Motor<\/td>\n<td >Kw<\/td>\n<td >18.5\/22<\/td>\n<td >30\/37<\/td>\n<td >18,5\/11(22\/30)<\/td>\n<td >37\/45 (45\/55)<\/td>\n<\/tr>\n\r\n<tr><td >TIPO A<\/td>\n<td colspan=\"5\" style=\"text-align:left !important\">-Disco superior de 8 o 12 ferramentas<br \/>-Standard-posi\u00e7\u00e3o do prato esquerdo<br \/>-R-posi\u00e7\u00e3o do prato direito<br \/>-RT-M\u00e1quina com dois pratos<\/td>\n<\/tr>\n\r\n<tr><td >TIPO H<\/td>\n<td colspan=\"5\" style=\"text-align:left !important\">- Torre de rota\u00e7\u00e3o vertical com 4 posi\u00e7\u00f5es (V4) ou 6 posi\u00e7\u00f5es (V6)<br \/>- Sem rota\u00e7\u00e3o<\/td>\n<\/tr>\n\r\n<tr><td >TIPO F<\/td>\n<td colspan=\"5\" style=\"text-align:left !important\">- Torre de rota\u00e7\u00e3o vertical com ferramentas motorizadas de 8 posi\u00e7\u00f5es (V8)<\/td>\n<\/tr>\n\r\n<tr><td >TIPO M<\/td>\n<td colspan=\"5\" style=\"text-align:left !important\">- Disco superior horizontal com 12 posi\u00e7\u00f5es<br \/>- Ferramentas motorizadas<\/td>\n<\/tr>\n<\/tbody><\/table><\/div>\n","protected":false},"excerpt":{"rendered":"<p>Tornos Verticais<\/p>\n<p><a class=\"btn btn-primary understrap-read-more-link\" href=\"https:\/\/www.maquinariamarquez.com\/pt-pt\/tornos-verticais-honor-seiki\/serie-altas-rotacoes\/\">Veja detalhes<\/a><\/p>\n","protected":false},"author":2,"featured_media":15442,"parent":14797,"menu_order":481,"comment_status":"closed","ping_status":"closed","template":"page-templates\/template-page-maquina.php","meta":{"_acf_changed":false,"footnotes":""},"geolocalizacion":[404,396,394,398],"class_list":["post-14800","page","type-page","status-publish","has-post-thumbnail","hentry","geolocalizacion-chile-pt-pt","geolocalizacion-latino-pt-pt","geolocalizacion-portugal-pt-pt","geolocalizacion-europa-pt-pt"],"acf":[],"aioseo_notices":[],"_links":{"self":[{"href":"https:\/\/www.maquinariamarquez.com\/pt-pt\/wp-json\/wp\/v2\/pages\/14800","targetHints":{"allow":["GET"]}}],"collection":[{"href":"https:\/\/www.maquinariamarquez.com\/pt-pt\/wp-json\/wp\/v2\/pages"}],"about":[{"href":"https:\/\/www.maquinariamarquez.com\/pt-pt\/wp-json\/wp\/v2\/types\/page"}],"author":[{"embeddable":true,"href":"https:\/\/www.maquinariamarquez.com\/pt-pt\/wp-json\/wp\/v2\/users\/2"}],"replies":[{"embeddable":true,"href":"https:\/\/www.maquinariamarquez.com\/pt-pt\/wp-json\/wp\/v2\/comments?post=14800"}],"version-history":[{"count":0,"href":"https:\/\/www.maquinariamarquez.com\/pt-pt\/wp-json\/wp\/v2\/pages\/14800\/revisions"}],"up":[{"embeddable":true,"href":"https:\/\/www.maquinariamarquez.com\/pt-pt\/wp-json\/wp\/v2\/pages\/14797"}],"wp:featuredmedia":[{"embeddable":true,"href":"https:\/\/www.maquinariamarquez.com\/pt-pt\/wp-json\/wp\/v2\/media\/15442"}],"wp:attachment":[{"href":"https:\/\/www.maquinariamarquez.com\/pt-pt\/wp-json\/wp\/v2\/media?parent=14800"}],"wp:term":[{"taxonomy":"geolocalizacion","embeddable":true,"href":"https:\/\/www.maquinariamarquez.com\/pt-pt\/wp-json\/wp\/v2\/geolocalizacion?post=14800"}],"curies":[{"name":"wp","href":"https:\/\/api.w.org\/{rel}","templated":true}]}}